{"id":1298,"date":"2024-04-15T17:38:23","date_gmt":"2024-04-15T15:38:23","guid":{"rendered":"https:\/\/www.rosiglioni.it\/politique-de-confidentialite\/"},"modified":"2025-10-23T18:38:40","modified_gmt":"2025-10-23T16:38:40","slug":"politique-de-confidentialite","status":"publish","type":"page","link":"https:\/\/www.rosiglioni.it\/fr\/politique-de-confidentialite\/","title":{"rendered":"Politique de confidentialit\u00e9"},"content":{"rendered":"<!--themify_builder_content-->\n<div id=\"themify_builder_content-1298\" data-postid=\"1298\" class=\"themify_builder_content themify_builder_content-1298 themify_builder tf_clear\">\n                    <div  data-lazy=\"1\" class=\"module_row themify_builder_row tb_6v8j212 tb_first tf_w\">\n                        <div class=\"row_inner col_align_top tb_col_count_1 tf_box tf_rel\">\n                        <div  data-lazy=\"1\" class=\"module_column tb-column col-full tb_obi4310 first\">\n                    <!-- module text -->\n<div  class=\"module module-text tb_66bb810   \" data-lazy=\"1\">\n        <div  class=\"tb_text_wrap\">\n        <p class=\"p1\"><b>POLITIQUE DE CONFIDENTIALIT\u00c9 DU FORMULAIRE DE CONTACT<\/b><\/p>\n<p class=\"p2\">Conform\u00e9ment \u00e0 la r\u00e9glementation en vigueur (article 13 du R\u00e8glement g\u00e9n\u00e9ral sur la protection des donn\u00e9es, ci-apr\u00e8s RGPD), <b>Rosiglioni Impianti S.r.l.<\/b> (ci-apr\u00e8s d\u00e9nomm\u00e9e \u00ab\u00a0Responsable\u00a0\u00bb ou \u00ab\u00a0Soci\u00e9t\u00e9\u00a0\u00bb), fournit aux utilisateurs qui souhaitent contacter la Soci\u00e9t\u00e9 via le formulaire pr\u00e9sent sur le site web les informations relatives au traitement de leurs donn\u00e9es.<\/p>\n<p class=\"p2\"><b>QUI EST LE RESPONSABLE DU TRAITEMENT ET COMMENT LE CONTACTER<\/b><\/p>\n<p class=\"p2\">Le Responsable du traitement est <b>Rosiglioni Impianti S.r.l.<\/b> dont le si\u00e8ge social est situ\u00e9 \u00e0 Rome, via G.Righelli, 76\/78, TVA : 05900461004<\/p>\n<p class=\"p2\">Le Responsable peut \u00eatre contact\u00e9 par email \u00e0 l&rsquo;adresse <a href=\"mailto:info@rosiglioni.it\"><span class=\"s1\">info@rosiglioni.it<\/span><\/a> ou par t\u00e9l\u00e9phone au num\u00e9ro <a href=\"https:\/\/www.google.com\/search?q=telefono+rodiglioni+impianti&amp;client=firefox-b-d&amp;sca_esv=6b393546f34dc1ef&amp;sca_upv=1&amp;sxsrf=ACQVn0-HUnmBUXArO3WgOphUUx2Dhw1mGg:1712226608923&amp;ei=MIEOZuz1N8SL9u8PjoCgmA4&amp;ved=0ahUKEwjszbKWraiFAxXEhf0HHQ4ACOMQ4dUDCBA&amp;uact=5&amp;oq=telefono+rodiglioni+impianti&amp;gs_lp=Egxnd3Mtd2l6LXNlcnAiHHRlbGVmb25vIHJvZGlnbGlvbmkgaW1waWFudGkyCBAAGIAEGKIEMggQABiABBiiBDIIEAAYgAQYogRI1xFQ9ANY4AxwAXgAkAEAmAHLAaAB2AmqAQUwLjcuMbgBA8gBAPgBAZgCBqACgAbCAgsQABiABBiiBBiwA8ICCxAAGIkFGKIEGLADmAMA4gMFEgExIECIBgGQBgOSBwMxLjWgB54S&amp;sclient=gws-wiz-serp\"><span class=\"s1\">06 8200 2732<\/span><\/a><\/p>\n<p class=\"p2\"><b>QUELLES DONN\u00c9ES SONT TRAIT\u00c9ES ? <\/b><\/p>\n<p class=\"p2\">Les donn\u00e9es trait\u00e9es sont celles fournies par l&rsquo;utilisateur via le formulaire de contact.<\/p>\n<p class=\"p2\"><b>QUELLES SONT LES FINALIT\u00c9S ET LES BASES JURIDIQUES DU TRAITEMENT ? <\/b><\/p>\n<p class=\"p2\">Les donn\u00e9es personnelles fournies par l&rsquo;utilisateur via le formulaire sont utilis\u00e9es uniquement pour r\u00e9pondre \u00e0 la demande de l&rsquo;int\u00e9ress\u00e9.<\/p>\n<p class=\"p2\">Les bases juridiques du traitement de ces donn\u00e9es sont donc : l&rsquo;adoption de mesures relatives \u00e0 la relation pr\u00e9contractuelle.<\/p>\n<p class=\"p2\">Si express\u00e9ment consenti, les donn\u00e9es pourront \u00e9galement \u00eatre trait\u00e9es \u00e0 des fins de marketing, et plus pr\u00e9cis\u00e9ment, pour l&rsquo;envoi de mat\u00e9riel publicitaire et de communications commerciales sur l&rsquo;activit\u00e9 et les services propos\u00e9s par le responsable via des moyens traditionnels (comme le contact t\u00e9l\u00e9phonique avec un op\u00e9rateur), ainsi que des moyens automatiques (comme e-mail, SMS et messages d&rsquo;autre type, y compris les DM sur les r\u00e9seaux sociaux auxquels se r\u00e9f\u00e8re le compte de l&rsquo;utilisateur le cas \u00e9ch\u00e9ant). La base juridique du traitement des donn\u00e9es d&rsquo;identification \u00e0 des fins de marketing est le consentement, qui pourra \u00eatre r\u00e9voqu\u00e9 \u00e0 tout moment. <\/p>\n<p class=\"p2\">Si n\u00e9cessaire, les donn\u00e9es pourront \u00e9galement \u00eatre utilis\u00e9es en raison de l&rsquo;int\u00e9r\u00eat l\u00e9gitime du responsable de v\u00e9rifier la s\u00e9curit\u00e9 et le bon fonctionnement des syst\u00e8mes informatiques utilis\u00e9s et de mener des activit\u00e9s d\u00e9fensives ou de faire valoir ou d\u00e9fendre un droit en justice.<\/p>\n<p class=\"p5\"><b>COMMENT LES DONN\u00c9ES SONT-ELLES G\u00c9R\u00c9ES ?<\/b><\/p>\n<p class=\"p2\">Les donn\u00e9es collect\u00e9es sont trait\u00e9es avec des outils informatiques et sur support papier, dans le respect des obligations de s\u00e9curit\u00e9 prescrites par la r\u00e9glementation en vigueur pour pr\u00e9venir la perte des donn\u00e9es, les utilisations illicites ou incorrectes et les acc\u00e8s non autoris\u00e9s.<\/p>\n<p class=\"p2\">Le consentement \u00e9ventuel donn\u00e9 pour les finalit\u00e9s de marketing, sur la base de l&rsquo;art. 130, alin\u00e9as 1 et 2, du D. Lgs. 196\/2003 (Code de la vie priv\u00e9e), implique la r\u00e9ception de communications et de mat\u00e9riels promotionnels et commerciaux, non seulement par des moyens de contact automatis\u00e9s, mais aussi par des moyens traditionnels, comme le courrier postal ou les appels via op\u00e9rateur.  <\/p>\n<p class=\"p2\"><b>Transfert de donn\u00e9es \u00e0 l&rsquo;\u00e9tranger<\/b><\/p>\n<p class=\"p2\"><span class=\"s2\">L&rsquo;h\u00e9bergement utilis\u00e9 pour le site<span class=\"Apple-converted-space\"> <\/span>implique un transfert des donn\u00e9es vers des pays hors UE (USA).<\/span> Pour le service de messagerie \u00e9lectronique utilis\u00e9 pour g\u00e9rer les demandes d&rsquo;informations et pour la gestion des donn\u00e9es \u00e0 des fins de marketing &#8211; lorsqu&rsquo;autoris\u00e9es &#8211; le responsable utilise des outils qui impliquent le transfert de donn\u00e9es \u00e0 l&rsquo;\u00e9tranger. Le transfert s&rsquo;effectue dans le respect de la r\u00e9glementation en vigueur selon les garanties n\u00e9cessaires (d\u00e9cision d&rsquo;ad\u00e9quation et clauses contractuelles types).  <\/p>\n<p class=\"p2\"><b>Dur\u00e9es de conservation<\/b><\/p>\n<p class=\"p2\">Les donn\u00e9es seront conserv\u00e9es pendant le temps n\u00e9cessaire pour r\u00e9pondre aux demandes.<\/p>\n<p class=\"p2\">En cas d&rsquo;\u00e9tablissement de la relation, les donn\u00e9es seront conserv\u00e9es pendant le temps n\u00e9cessaire \u00e0 l&rsquo;ex\u00e9cution des activit\u00e9s li\u00e9es \u00e0 son bon d\u00e9roulement et selon les d\u00e9lais d\u00e9finis par les obligations l\u00e9gales.<\/p>\n<p class=\"p2\">Si consenti, les donn\u00e9es trait\u00e9es \u00e0 des fins de marketing seront conserv\u00e9es pendant deux ans, sous r\u00e9serve du droit d&rsquo;opposition que l&rsquo;int\u00e9ress\u00e9 pourra exercer librement \u00e0 tout moment et sans aucune charge, m\u00eame s\u00e9par\u00e9ment, pour l&rsquo;envoi des communications promotionnelles par moyens automatis\u00e9s ou par moyens traditionnels.<\/p>\n<p class=\"p5\">Des exigences d\u00e9fensives sont r\u00e9serv\u00e9es pour lesquelles les donn\u00e9es pourront \u00eatre conserv\u00e9es au-del\u00e0 des d\u00e9lais indiqu\u00e9s.<\/p>\n<p class=\"p5\"><b>QUI PEUT CONNA\u00ceTRE LES DONN\u00c9ES ?<\/b><\/p>\n<p class=\"p5\">Les donn\u00e9es seront trait\u00e9es par le Responsable \u00e0 travers le personnel autoris\u00e9.<span class=\"Apple-converted-space\">  <\/span>Les donn\u00e9es seront connues des soci\u00e9t\u00e9s informatiques dont le responsable fait appel pour la fourniture de services d&rsquo;h\u00e9bergement et de gestion de la messagerie \u00e9lectronique, des soci\u00e9t\u00e9s qui fournissent des services d&rsquo;assistance et de maintenance sur les syst\u00e8mes informatiques utilis\u00e9s et de l&rsquo;agence immobili\u00e8re dont le responsable fait appel. Les donn\u00e9es trait\u00e9es \u00e0 des fins de marketing pourront \u00e9galement \u00eatre connues des soci\u00e9t\u00e9s qui fournissent les outils de gestion des emails, des consultants et des soci\u00e9t\u00e9s qui fournissent des services de communication et marketing. <span class=\"Apple-converted-space\">  <\/span>Les donn\u00e9es seront ensuite connues des conseillers juridiques pour la gestion du contentieux et pour l&rsquo;assistance juridique en cas d&rsquo;\u00e9ventuels litiges n\u00e9cessitant leur intervention et des Autorit\u00e9s comp\u00e9tentes en cas de demandes sp\u00e9cifiques auxquelles le responsable est tenu, par la loi, de donner suite.<span class=\"Apple-converted-space\">  <\/span>Il est pr\u00e9cis\u00e9 que certains des sujets indiqu\u00e9s op\u00e8rent en tant que responsables du traitement et que la communication \u00e0 ceux qui op\u00e8rent en tant que responsables autonomes est effectu\u00e9e car prescrite par des obligations l\u00e9gales ou n\u00e9cessaire pour donner suite aux obligations d\u00e9rivant de la relation contractuelle ou \u00e0 l&rsquo;int\u00e9r\u00eat l\u00e9gitime du responsable consistant \u00e0 maintenir la s\u00e9curit\u00e9 des syst\u00e8mes informatiques et \u00e0 mener des activit\u00e9s d\u00e9fensives \u00e0 travers des conseillers juridiques.<span class=\"Apple-converted-space\">  <\/span>La communication est toutefois limit\u00e9e aux seules cat\u00e9gories de donn\u00e9es dont la transmission est n\u00e9cessaire pour l&rsquo;exercice des activit\u00e9s et finalit\u00e9s poursuivies. L&rsquo;int\u00e9ress\u00e9 pourra demander au Responsable la liste des sujets externes qui exercent leur activit\u00e9 en tant que responsables du traitement. <\/p>\n<p class=\"p6\"><b>QUE SE PASSE-T-IL SI LES DONN\u00c9ES NE SONT PAS FOURNIES ?<\/b><\/p>\n<p class=\"p6\">La fourniture des donn\u00e9es est facultative mais, en son absence, il ne sera pas possible pour le responsable de r\u00e9pondre aux demandes formul\u00e9es par l&rsquo;int\u00e9ress\u00e9.<\/p>\n<p class=\"p2\"><b>QUELS SONT LES DROITS DE L&rsquo;INT\u00c9RESS\u00c9 ?<\/b><\/p>\n<p class=\"p2\">La loi reconna\u00eet \u00e0 l&rsquo;int\u00e9ress\u00e9 le droit de demander au responsable du traitement l&rsquo;acc\u00e8s aux donn\u00e9es personnelles et la rectification ou l&rsquo;effacement de celles-ci ou la limitation du traitement le concernant ou de s&rsquo;opposer \u00e0 leur traitement, outre le droit \u00e0 la portabilit\u00e9 des donn\u00e9es.<\/p>\n<p class=\"p2\">L&rsquo;int\u00e9ress\u00e9 pourra faire valoir ses droits \u00e0 tout moment, sans formalit\u00e9s, en s&rsquo;adressant au responsable via l&rsquo;adresse email indiqu\u00e9e. Le Responsable fournira une r\u00e9ponse dans les 30 jours suivant la r\u00e9ception de la demande, comme pr\u00e9vu par la r\u00e9glementation en vigueur. <\/p>\n<p class=\"p2\">Sont d\u00e9taill\u00e9s ci-dessous les droits reconnus par la r\u00e9glementation en vigueur en mati\u00e8re de protection des donn\u00e9es personnelles.<\/p>\n<ul class=\"ul1\">\n<li class=\"li2\">Le <b>droit d&rsquo;acc\u00e8s<\/b>, c&rsquo;est-\u00e0-dire le droit d&rsquo;obtenir du responsable du traitement la confirmation que des donn\u00e9es personnelles le concernant font ou ne font pas l&rsquo;objet d&rsquo;un traitement et, dans l&rsquo;affirmative, d&rsquo;obtenir l&rsquo;acc\u00e8s auxdites donn\u00e9es personnelles ainsi qu&rsquo;aux informations suivantes : a) les finalit\u00e9s du traitement ; b) les cat\u00e9gories de donn\u00e9es personnelles concern\u00e9es ; c) les destinataires ou cat\u00e9gories de destinataires auxquels les donn\u00e9es personnelles ont \u00e9t\u00e9 ou seront communiqu\u00e9es, en particulier les destinataires qui sont \u00e9tablis dans des pays tiers ou les organisations internationales ; d) lorsque cela est possible, la dur\u00e9e de conservation des donn\u00e9es personnelles envisag\u00e9e ou, lorsque ce n&rsquo;est pas possible, les crit\u00e8res utilis\u00e9s pour d\u00e9terminer cette dur\u00e9e ; e) l&rsquo;existence du droit de demander au responsable du traitement la rectification ou l&rsquo;effacement de donn\u00e9es personnelles, ou une limitation du traitement des donn\u00e9es personnelles relatives \u00e0 la personne concern\u00e9e, ou du droit de s&rsquo;opposer \u00e0 ce traitement ; f) le droit d&rsquo;introduire une r\u00e9clamation aupr\u00e8s d&rsquo;une autorit\u00e9 de contr\u00f4le ; g) lorsque les donn\u00e9es personnelles ne sont pas collect\u00e9es aupr\u00e8s de la personne concern\u00e9e, toute information disponible quant \u00e0 leur source ; h) l&rsquo;existence d&rsquo;une prise de d\u00e9cision automatis\u00e9e, y compris un profilage, et, au moins en pareils cas, des informations utiles concernant la logique sous-jacente, ainsi que l&rsquo;importance et les cons\u00e9quences pr\u00e9vues de ce traitement pour la personne concern\u00e9e. Lorsque les donn\u00e9es personnelles sont transf\u00e9r\u00e9es vers un pays tiers ou \u00e0 une organisation internationale, la personne concern\u00e9e a le droit d&rsquo;\u00eatre inform\u00e9e des garanties appropri\u00e9es relatives au transfert.         <\/li>\n<li class=\"li2\">Le <b>droit de rectification<\/b>, c&rsquo;est-\u00e0-dire le droit d&rsquo;obtenir du responsable du traitement, dans les meilleurs d\u00e9lais, la rectification des donn\u00e9es personnelles inexactes la concernant. Compte tenu des finalit\u00e9s du traitement, la personne concern\u00e9e a le droit d&rsquo;obtenir que les donn\u00e9es personnelles incompl\u00e8tes soient compl\u00e9t\u00e9es, y compris en fournissant une d\u00e9claration compl\u00e9mentaire. <\/li>\n<li class=\"li2\">Le <b>droit \u00e0 l&rsquo;effacement<\/b>, c&rsquo;est-\u00e0-dire le droit d&rsquo;obtenir du responsable du traitement l&rsquo;effacement, dans les meilleurs d\u00e9lais, de donn\u00e9es personnelles la concernant lorsque : a) les donn\u00e9es personnelles ne sont plus n\u00e9cessaires au regard des finalit\u00e9s pour lesquelles elles ont \u00e9t\u00e9 collect\u00e9es ou trait\u00e9es ; b) la personne concern\u00e9e retire le consentement sur lequel est fond\u00e9 le traitement et il n&rsquo;existe pas d&rsquo;autre fondement juridique au traitement ; c) la personne concern\u00e9e s&rsquo;oppose au traitement effectu\u00e9 car n\u00e9cessaire \u00e0 l&rsquo;ex\u00e9cution d&rsquo;une mission d&rsquo;int\u00e9r\u00eat public ou relevant de l&rsquo;exercice de l&rsquo;autorit\u00e9 publique dont est investi le responsable ou aux fins des int\u00e9r\u00eats l\u00e9gitimes et il n&rsquo;existe pas de motif l\u00e9gitime imp\u00e9rieux pour le traitement, ou s&rsquo;oppose au traitement \u00e0 des fins de prospection ; d) les donn\u00e9es personnelles ont fait l&rsquo;objet d&rsquo;un traitement illicite ; e) les donn\u00e9es personnelles doivent \u00eatre effac\u00e9es pour respecter une obligation l\u00e9gale pr\u00e9vue par le droit de l&rsquo;Union ou par le droit de l&rsquo;\u00c9tat membre auquel le responsable du traitement est soumis ; f) les donn\u00e9es personnelles ont \u00e9t\u00e9 collect\u00e9es dans le cadre de l&rsquo;offre de services de la soci\u00e9t\u00e9 de l&rsquo;information aux mineurs. La demande d&rsquo;effacement ne peut cependant pas \u00eatre accept\u00e9e si le traitement est n\u00e9cessaire : a) \u00e0 l&rsquo;exercice du droit \u00e0 la libert\u00e9 d&rsquo;expression et d&rsquo;information ; b) pour respecter une obligation l\u00e9gale qui requiert le traitement pr\u00e9vu par le droit de l&rsquo;Union ou par le droit de l&rsquo;\u00c9tat membre auquel le responsable du traitement est soumis, ou pour ex\u00e9cuter une mission d&rsquo;int\u00e9r\u00eat public ou relevant de l&rsquo;exercice de l&rsquo;autorit\u00e9 publique dont est investi le responsable du traitement ; c) pour des motifs d&rsquo;int\u00e9r\u00eat public dans le domaine de la sant\u00e9 publique ; d) \u00e0 des fins archivistiques dans l&rsquo;int\u00e9r\u00eat public, \u00e0 des fins de recherche scientifique ou historique ou \u00e0 des fins statistiques dans la mesure o\u00f9 le droit \u00e0 l&rsquo;effacement est susceptible de rendre impossible ou de compromettre gravement la r\u00e9alisation des objectifs dudit traitement ; ou e) \u00e0 la constatation, \u00e0 l&rsquo;exercice ou \u00e0 la d\u00e9fense de droits en justice.            <\/li>\n<li class=\"li2\">Le <b>droit \u00e0 la limitation<\/b>, c&rsquo;est-\u00e0-dire le droit d&rsquo;obtenir que les donn\u00e9es ne soient trait\u00e9es, \u00e0 l&rsquo;exception de leur conservation, qu&rsquo;avec le consentement de la personne concern\u00e9e ou pour la constatation, l&rsquo;exercice ou la d\u00e9fense de droits en justice, ou pour la protection des droits d&rsquo;une autre personne physique ou morale, ou encore pour des motifs importants d&rsquo;int\u00e9r\u00eat public de l&rsquo;Union ou d&rsquo;un \u00c9tat membre lorsque : a) l&rsquo;exactitude des donn\u00e9es personnelles est contest\u00e9e par la personne concern\u00e9e, pendant une dur\u00e9e permettant au responsable du traitement de v\u00e9rifier l&rsquo;exactitude de ces donn\u00e9es personnelles ; b) le traitement est illicite et la personne concern\u00e9e s&rsquo;oppose \u00e0 leur effacement et exige \u00e0 la place la limitation de leur utilisation ; c) bien que le responsable du traitement n&rsquo;en ait plus besoin aux fins du traitement, les donn\u00e9es personnelles sont encore n\u00e9cessaires \u00e0 la personne concern\u00e9e pour la constatation, l&rsquo;exercice ou la d\u00e9fense de droits en justice ; d) la personne concern\u00e9e s&rsquo;est oppos\u00e9e au traitement effectu\u00e9 car n\u00e9cessaire \u00e0 l&rsquo;ex\u00e9cution d&rsquo;une mission d&rsquo;int\u00e9r\u00eat public ou relevant de l&rsquo;exercice de l&rsquo;autorit\u00e9 publique dont est investi le responsable ou aux fins des int\u00e9r\u00eats l\u00e9gitimes du responsable du traitement ou de tiers, pendant la v\u00e9rification portant sur le point de savoir si les motifs l\u00e9gitimes poursuivis par le responsable du traitement pr\u00e9valent sur ceux de la personne concern\u00e9e.     <\/li>\n<li class=\"li2\">Le <b>droit \u00e0 la portabilit\u00e9<\/b>, c&rsquo;est-\u00e0-dire le droit de recevoir les donn\u00e9es personnelles la concernant fournies \u00e0 un responsable du traitement, dans un format structur\u00e9, couramment utilis\u00e9 et lisible par machine, et le droit de transmettre ces donn\u00e9es \u00e0 un autre responsable du traitement sans que le responsable du traitement auquel les donn\u00e9es personnelles ont \u00e9t\u00e9 communiqu\u00e9es y fasse obstacle, ainsi que le droit d&rsquo;obtenir que les donn\u00e9es personnelles soient transmises directement d&rsquo;un responsable du traitement \u00e0 un autre, lorsque cela est techniquement possible, lorsque le traitement est fond\u00e9 sur le consentement ou sur un contrat et qu&rsquo;il est effectu\u00e9 \u00e0 l&rsquo;aide de proc\u00e9d\u00e9s automatis\u00e9s. Ce droit ne porte pas atteinte au droit \u00e0 l&rsquo;effacement. <\/li>\n<li class=\"li2\">Le <b>droit d&rsquo;opposition<\/b>, c&rsquo;est-\u00e0-dire le droit de la personne concern\u00e9e de s&rsquo;opposer \u00e0 tout moment, pour des raisons tenant \u00e0 sa situation particuli\u00e8re, au traitement des donn\u00e9es personnelles la concernant effectu\u00e9 car n\u00e9cessaire \u00e0 l&rsquo;ex\u00e9cution d&rsquo;une mission d&rsquo;int\u00e9r\u00eat public ou relevant de l&rsquo;exercice de l&rsquo;autorit\u00e9 publique dont est investi le responsable ou aux fins des int\u00e9r\u00eats l\u00e9gitimes du responsable du traitement ou de tiers. Lorsque les donn\u00e9es personnelles sont trait\u00e9es \u00e0 des fins de prospection, la personne concern\u00e9e a le droit de s&rsquo;opposer \u00e0 tout moment au traitement des donn\u00e9es personnelles la concernant \u00e0 de telles fins de prospection, y compris au profilage dans la mesure o\u00f9 il est li\u00e9 \u00e0 une telle prospection. <\/li>\n<\/ul>\n<p class=\"p2\">La personne concern\u00e9e est en outre inform\u00e9e que, si elle estime que le traitement de ses donn\u00e9es personnelles constitue une violation du RGPD, elle a le <b>droit d&rsquo;introduire une r\u00e9clamation<\/b> aupr\u00e8s de la CNIL, comme pr\u00e9vu par l&rsquo;art. 77 du R\u00e8glement m\u00eame ou de former un recours juridictionnel (art. 79 du R\u00e8glement). <\/p>\n<p class=\"p2\"><b>INFORMATIONS COMPL\u00c9MENTAIRES <\/b><\/p>\n<p class=\"p2\">Des informations compl\u00e9mentaires sur le traitement des donn\u00e9es li\u00e9 au site web sont contenues dans la politique de confidentialit\u00e9 des utilisateurs du site et dans la politique relative aux cookies.<\/p>    <\/div>\n<\/div>\n<!-- \/module text -->        <\/div>\n                        <\/div>\n        <\/div>\n        <\/div>\n<!--\/themify_builder_content-->","protected":false},"excerpt":{"rendered":"<p>POLITIQUE DE CONFIDENTIALIT\u00c9 DU FORMULAIRE DE CONTACT Conform\u00e9ment \u00e0 la r\u00e9glementation en vigueur (article 13 du R\u00e8glement g\u00e9n\u00e9ral sur la protection des donn\u00e9es, ci-apr\u00e8s RGPD), Rosiglioni Impianti S.r.l. (ci-apr\u00e8s d\u00e9nomm\u00e9e \u00ab\u00a0Responsable\u00a0\u00bb ou \u00ab\u00a0Soci\u00e9t\u00e9\u00a0\u00bb), fournit aux utilisateurs qui souhaitent contacter la Soci\u00e9t\u00e9 via le formulaire pr\u00e9sent sur le site web les informations relatives au traitement de [&hellip;]<\/p>\n","protected":false},"author":1,"featured_media":0,"parent":0,"menu_order":0,"comment_status":"closed","ping_status":"closed","template":"","meta":{"inline_featured_image":false,"footnotes":""},"class_list":["post-1298","page","type-page","status-publish","hentry","has-post-title","has-post-date","has-post-category","has-post-tag","has-post-comment","has-post-author",""],"aioseo_notices":[],"builder_content":"<p><b>POLITIQUE DE CONFIDENTIALIT\u00c9 DU FORMULAIRE DE CONTACT<\/b><\/p> <p>Conform\u00e9ment \u00e0 la r\u00e9glementation en vigueur (article 13 du R\u00e8glement g\u00e9n\u00e9ral sur la protection des donn\u00e9es, ci-apr\u00e8s RGPD), <b>Rosiglioni Impianti S.r.l.<\/b> (ci-apr\u00e8s d\u00e9nomm\u00e9e \"Responsable\" ou \"Soci\u00e9t\u00e9\"), fournit aux utilisateurs qui souhaitent contacter la Soci\u00e9t\u00e9 via le formulaire pr\u00e9sent sur le site web les informations relatives au traitement de leurs donn\u00e9es.<\/p> <p><b>QUI EST LE RESPONSABLE DU TRAITEMENT ET COMMENT LE CONTACTER<\/b><\/p> <p>Le Responsable du traitement est <b>Rosiglioni Impianti S.r.l.<\/b> dont le si\u00e8ge social est situ\u00e9 \u00e0 Rome, via G.Righelli, 76\/78, TVA : 05900461004<\/p> <p>Le Responsable peut \u00eatre contact\u00e9 par email \u00e0 l'adresse <a href=\"mailto:info@rosiglioni.it\">info@rosiglioni.it<\/a> ou par t\u00e9l\u00e9phone au num\u00e9ro <a href=\"https:\/\/www.google.com\/search?q=telefono+rodiglioni+impianti&amp;client=firefox-b-d&amp;sca_esv=6b393546f34dc1ef&amp;sca_upv=1&amp;sxsrf=ACQVn0-HUnmBUXArO3WgOphUUx2Dhw1mGg:1712226608923&amp;ei=MIEOZuz1N8SL9u8PjoCgmA4&amp;ved=0ahUKEwjszbKWraiFAxXEhf0HHQ4ACOMQ4dUDCBA&amp;uact=5&amp;oq=telefono+rodiglioni+impianti&amp;gs_lp=Egxnd3Mtd2l6LXNlcnAiHHRlbGVmb25vIHJvZGlnbGlvbmkgaW1waWFudGkyCBAAGIAEGKIEMggQABiABBiiBDIIEAAYgAQYogRI1xFQ9ANY4AxwAXgAkAEAmAHLAaAB2AmqAQUwLjcuMbgBA8gBAPgBAZgCBqACgAbCAgsQABiABBiiBBiwA8ICCxAAGIkFGKIEGLADmAMA4gMFEgExIECIBgGQBgOSBwMxLjWgB54S&amp;sclient=gws-wiz-serp\">06 8200 2732<\/a><\/p> <p><b>QUELLES DONN\u00c9ES SONT TRAIT\u00c9ES ? <\/b><\/p> <p>Les donn\u00e9es trait\u00e9es sont celles fournies par l'utilisateur via le formulaire de contact.<\/p> <p><b>QUELLES SONT LES FINALIT\u00c9S ET LES BASES JURIDIQUES DU TRAITEMENT ? <\/b><\/p> <p>Les donn\u00e9es personnelles fournies par l'utilisateur via le formulaire sont utilis\u00e9es uniquement pour r\u00e9pondre \u00e0 la demande de l'int\u00e9ress\u00e9.<\/p> <p>Les bases juridiques du traitement de ces donn\u00e9es sont donc : l'adoption de mesures relatives \u00e0 la relation pr\u00e9contractuelle.<\/p> <p>Si express\u00e9ment consenti, les donn\u00e9es pourront \u00e9galement \u00eatre trait\u00e9es \u00e0 des fins de marketing, et plus pr\u00e9cis\u00e9ment, pour l'envoi de mat\u00e9riel publicitaire et de communications commerciales sur l'activit\u00e9 et les services propos\u00e9s par le responsable via des moyens traditionnels (comme le contact t\u00e9l\u00e9phonique avec un op\u00e9rateur), ainsi que des moyens automatiques (comme e-mail, SMS et messages d'autre type, y compris les DM sur les r\u00e9seaux sociaux auxquels se r\u00e9f\u00e8re le compte de l'utilisateur le cas \u00e9ch\u00e9ant). La base juridique du traitement des donn\u00e9es d'identification \u00e0 des fins de marketing est le consentement, qui pourra \u00eatre r\u00e9voqu\u00e9 \u00e0 tout moment. <\/p> <p>Si n\u00e9cessaire, les donn\u00e9es pourront \u00e9galement \u00eatre utilis\u00e9es en raison de l'int\u00e9r\u00eat l\u00e9gitime du responsable de v\u00e9rifier la s\u00e9curit\u00e9 et le bon fonctionnement des syst\u00e8mes informatiques utilis\u00e9s et de mener des activit\u00e9s d\u00e9fensives ou de faire valoir ou d\u00e9fendre un droit en justice.<\/p> <p><b>COMMENT LES DONN\u00c9ES SONT-ELLES G\u00c9R\u00c9ES ?<\/b><\/p> <p>Les donn\u00e9es collect\u00e9es sont trait\u00e9es avec des outils informatiques et sur support papier, dans le respect des obligations de s\u00e9curit\u00e9 prescrites par la r\u00e9glementation en vigueur pour pr\u00e9venir la perte des donn\u00e9es, les utilisations illicites ou incorrectes et les acc\u00e8s non autoris\u00e9s.<\/p> <p>Le consentement \u00e9ventuel donn\u00e9 pour les finalit\u00e9s de marketing, sur la base de l'art. 130, alin\u00e9as 1 et 2, du D. Lgs. 196\/2003 (Code de la vie priv\u00e9e), implique la r\u00e9ception de communications et de mat\u00e9riels promotionnels et commerciaux, non seulement par des moyens de contact automatis\u00e9s, mais aussi par des moyens traditionnels, comme le courrier postal ou les appels via op\u00e9rateur. <\/p> <p><b>Transfert de donn\u00e9es \u00e0 l'\u00e9tranger<\/b><\/p> <p>L'h\u00e9bergement utilis\u00e9 pour le site implique un transfert des donn\u00e9es vers des pays hors UE (USA). Pour le service de messagerie \u00e9lectronique utilis\u00e9 pour g\u00e9rer les demandes d'informations et pour la gestion des donn\u00e9es \u00e0 des fins de marketing - lorsqu'autoris\u00e9es - le responsable utilise des outils qui impliquent le transfert de donn\u00e9es \u00e0 l'\u00e9tranger. Le transfert s'effectue dans le respect de la r\u00e9glementation en vigueur selon les garanties n\u00e9cessaires (d\u00e9cision d'ad\u00e9quation et clauses contractuelles types). <\/p> <p><b>Dur\u00e9es de conservation<\/b><\/p> <p>Les donn\u00e9es seront conserv\u00e9es pendant le temps n\u00e9cessaire pour r\u00e9pondre aux demandes.<\/p> <p>En cas d'\u00e9tablissement de la relation, les donn\u00e9es seront conserv\u00e9es pendant le temps n\u00e9cessaire \u00e0 l'ex\u00e9cution des activit\u00e9s li\u00e9es \u00e0 son bon d\u00e9roulement et selon les d\u00e9lais d\u00e9finis par les obligations l\u00e9gales.<\/p> <p>Si consenti, les donn\u00e9es trait\u00e9es \u00e0 des fins de marketing seront conserv\u00e9es pendant deux ans, sous r\u00e9serve du droit d'opposition que l'int\u00e9ress\u00e9 pourra exercer librement \u00e0 tout moment et sans aucune charge, m\u00eame s\u00e9par\u00e9ment, pour l'envoi des communications promotionnelles par moyens automatis\u00e9s ou par moyens traditionnels.<\/p> <p>Des exigences d\u00e9fensives sont r\u00e9serv\u00e9es pour lesquelles les donn\u00e9es pourront \u00eatre conserv\u00e9es au-del\u00e0 des d\u00e9lais indiqu\u00e9s.<\/p> <p><b>QUI PEUT CONNA\u00ceTRE LES DONN\u00c9ES ?<\/b><\/p> <p>Les donn\u00e9es seront trait\u00e9es par le Responsable \u00e0 travers le personnel autoris\u00e9. Les donn\u00e9es seront connues des soci\u00e9t\u00e9s informatiques dont le responsable fait appel pour la fourniture de services d'h\u00e9bergement et de gestion de la messagerie \u00e9lectronique, des soci\u00e9t\u00e9s qui fournissent des services d'assistance et de maintenance sur les syst\u00e8mes informatiques utilis\u00e9s et de l'agence immobili\u00e8re dont le responsable fait appel. Les donn\u00e9es trait\u00e9es \u00e0 des fins de marketing pourront \u00e9galement \u00eatre connues des soci\u00e9t\u00e9s qui fournissent les outils de gestion des emails, des consultants et des soci\u00e9t\u00e9s qui fournissent des services de communication et marketing. Les donn\u00e9es seront ensuite connues des conseillers juridiques pour la gestion du contentieux et pour l'assistance juridique en cas d'\u00e9ventuels litiges n\u00e9cessitant leur intervention et des Autorit\u00e9s comp\u00e9tentes en cas de demandes sp\u00e9cifiques auxquelles le responsable est tenu, par la loi, de donner suite. Il est pr\u00e9cis\u00e9 que certains des sujets indiqu\u00e9s op\u00e8rent en tant que responsables du traitement et que la communication \u00e0 ceux qui op\u00e8rent en tant que responsables autonomes est effectu\u00e9e car prescrite par des obligations l\u00e9gales ou n\u00e9cessaire pour donner suite aux obligations d\u00e9rivant de la relation contractuelle ou \u00e0 l'int\u00e9r\u00eat l\u00e9gitime du responsable consistant \u00e0 maintenir la s\u00e9curit\u00e9 des syst\u00e8mes informatiques et \u00e0 mener des activit\u00e9s d\u00e9fensives \u00e0 travers des conseillers juridiques. La communication est toutefois limit\u00e9e aux seules cat\u00e9gories de donn\u00e9es dont la transmission est n\u00e9cessaire pour l'exercice des activit\u00e9s et finalit\u00e9s poursuivies. L'int\u00e9ress\u00e9 pourra demander au Responsable la liste des sujets externes qui exercent leur activit\u00e9 en tant que responsables du traitement. <\/p> <p><b>QUE SE PASSE-T-IL SI LES DONN\u00c9ES NE SONT PAS FOURNIES ?<\/b><\/p> <p>La fourniture des donn\u00e9es est facultative mais, en son absence, il ne sera pas possible pour le responsable de r\u00e9pondre aux demandes formul\u00e9es par l'int\u00e9ress\u00e9.<\/p> <p><b>QUELS SONT LES DROITS DE L'INT\u00c9RESS\u00c9 ?<\/b><\/p> <p>La loi reconna\u00eet \u00e0 l'int\u00e9ress\u00e9 le droit de demander au responsable du traitement l'acc\u00e8s aux donn\u00e9es personnelles et la rectification ou l'effacement de celles-ci ou la limitation du traitement le concernant ou de s'opposer \u00e0 leur traitement, outre le droit \u00e0 la portabilit\u00e9 des donn\u00e9es.<\/p> <p>L'int\u00e9ress\u00e9 pourra faire valoir ses droits \u00e0 tout moment, sans formalit\u00e9s, en s'adressant au responsable via l'adresse email indiqu\u00e9e. Le Responsable fournira une r\u00e9ponse dans les 30 jours suivant la r\u00e9ception de la demande, comme pr\u00e9vu par la r\u00e9glementation en vigueur. <\/p> <p>Sont d\u00e9taill\u00e9s ci-dessous les droits reconnus par la r\u00e9glementation en vigueur en mati\u00e8re de protection des donn\u00e9es personnelles.<\/p> <ul> <li>Le <b>droit d'acc\u00e8s<\/b>, c'est-\u00e0-dire le droit d'obtenir du responsable du traitement la confirmation que des donn\u00e9es personnelles le concernant font ou ne font pas l'objet d'un traitement et, dans l'affirmative, d'obtenir l'acc\u00e8s auxdites donn\u00e9es personnelles ainsi qu'aux informations suivantes : a) les finalit\u00e9s du traitement ; b) les cat\u00e9gories de donn\u00e9es personnelles concern\u00e9es ; c) les destinataires ou cat\u00e9gories de destinataires auxquels les donn\u00e9es personnelles ont \u00e9t\u00e9 ou seront communiqu\u00e9es, en particulier les destinataires qui sont \u00e9tablis dans des pays tiers ou les organisations internationales ; d) lorsque cela est possible, la dur\u00e9e de conservation des donn\u00e9es personnelles envisag\u00e9e ou, lorsque ce n'est pas possible, les crit\u00e8res utilis\u00e9s pour d\u00e9terminer cette dur\u00e9e ; e) l'existence du droit de demander au responsable du traitement la rectification ou l'effacement de donn\u00e9es personnelles, ou une limitation du traitement des donn\u00e9es personnelles relatives \u00e0 la personne concern\u00e9e, ou du droit de s'opposer \u00e0 ce traitement ; f) le droit d'introduire une r\u00e9clamation aupr\u00e8s d'une autorit\u00e9 de contr\u00f4le ; g) lorsque les donn\u00e9es personnelles ne sont pas collect\u00e9es aupr\u00e8s de la personne concern\u00e9e, toute information disponible quant \u00e0 leur source ; h) l'existence d'une prise de d\u00e9cision automatis\u00e9e, y compris un profilage, et, au moins en pareils cas, des informations utiles concernant la logique sous-jacente, ainsi que l'importance et les cons\u00e9quences pr\u00e9vues de ce traitement pour la personne concern\u00e9e. Lorsque les donn\u00e9es personnelles sont transf\u00e9r\u00e9es vers un pays tiers ou \u00e0 une organisation internationale, la personne concern\u00e9e a le droit d'\u00eatre inform\u00e9e des garanties appropri\u00e9es relatives au transfert. <\/li> <li>Le <b>droit de rectification<\/b>, c'est-\u00e0-dire le droit d'obtenir du responsable du traitement, dans les meilleurs d\u00e9lais, la rectification des donn\u00e9es personnelles inexactes la concernant. Compte tenu des finalit\u00e9s du traitement, la personne concern\u00e9e a le droit d'obtenir que les donn\u00e9es personnelles incompl\u00e8tes soient compl\u00e9t\u00e9es, y compris en fournissant une d\u00e9claration compl\u00e9mentaire. <\/li> <li>Le <b>droit \u00e0 l'effacement<\/b>, c'est-\u00e0-dire le droit d'obtenir du responsable du traitement l'effacement, dans les meilleurs d\u00e9lais, de donn\u00e9es personnelles la concernant lorsque : a) les donn\u00e9es personnelles ne sont plus n\u00e9cessaires au regard des finalit\u00e9s pour lesquelles elles ont \u00e9t\u00e9 collect\u00e9es ou trait\u00e9es ; b) la personne concern\u00e9e retire le consentement sur lequel est fond\u00e9 le traitement et il n'existe pas d'autre fondement juridique au traitement ; c) la personne concern\u00e9e s'oppose au traitement effectu\u00e9 car n\u00e9cessaire \u00e0 l'ex\u00e9cution d'une mission d'int\u00e9r\u00eat public ou relevant de l'exercice de l'autorit\u00e9 publique dont est investi le responsable ou aux fins des int\u00e9r\u00eats l\u00e9gitimes et il n'existe pas de motif l\u00e9gitime imp\u00e9rieux pour le traitement, ou s'oppose au traitement \u00e0 des fins de prospection ; d) les donn\u00e9es personnelles ont fait l'objet d'un traitement illicite ; e) les donn\u00e9es personnelles doivent \u00eatre effac\u00e9es pour respecter une obligation l\u00e9gale pr\u00e9vue par le droit de l'Union ou par le droit de l'\u00c9tat membre auquel le responsable du traitement est soumis ; f) les donn\u00e9es personnelles ont \u00e9t\u00e9 collect\u00e9es dans le cadre de l'offre de services de la soci\u00e9t\u00e9 de l'information aux mineurs. La demande d'effacement ne peut cependant pas \u00eatre accept\u00e9e si le traitement est n\u00e9cessaire : a) \u00e0 l'exercice du droit \u00e0 la libert\u00e9 d'expression et d'information ; b) pour respecter une obligation l\u00e9gale qui requiert le traitement pr\u00e9vu par le droit de l'Union ou par le droit de l'\u00c9tat membre auquel le responsable du traitement est soumis, ou pour ex\u00e9cuter une mission d'int\u00e9r\u00eat public ou relevant de l'exercice de l'autorit\u00e9 publique dont est investi le responsable du traitement ; c) pour des motifs d'int\u00e9r\u00eat public dans le domaine de la sant\u00e9 publique ; d) \u00e0 des fins archivistiques dans l'int\u00e9r\u00eat public, \u00e0 des fins de recherche scientifique ou historique ou \u00e0 des fins statistiques dans la mesure o\u00f9 le droit \u00e0 l'effacement est susceptible de rendre impossible ou de compromettre gravement la r\u00e9alisation des objectifs dudit traitement ; ou e) \u00e0 la constatation, \u00e0 l'exercice ou \u00e0 la d\u00e9fense de droits en justice. <\/li> <li>Le <b>droit \u00e0 la limitation<\/b>, c'est-\u00e0-dire le droit d'obtenir que les donn\u00e9es ne soient trait\u00e9es, \u00e0 l'exception de leur conservation, qu'avec le consentement de la personne concern\u00e9e ou pour la constatation, l'exercice ou la d\u00e9fense de droits en justice, ou pour la protection des droits d'une autre personne physique ou morale, ou encore pour des motifs importants d'int\u00e9r\u00eat public de l'Union ou d'un \u00c9tat membre lorsque : a) l'exactitude des donn\u00e9es personnelles est contest\u00e9e par la personne concern\u00e9e, pendant une dur\u00e9e permettant au responsable du traitement de v\u00e9rifier l'exactitude de ces donn\u00e9es personnelles ; b) le traitement est illicite et la personne concern\u00e9e s'oppose \u00e0 leur effacement et exige \u00e0 la place la limitation de leur utilisation ; c) bien que le responsable du traitement n'en ait plus besoin aux fins du traitement, les donn\u00e9es personnelles sont encore n\u00e9cessaires \u00e0 la personne concern\u00e9e pour la constatation, l'exercice ou la d\u00e9fense de droits en justice ; d) la personne concern\u00e9e s'est oppos\u00e9e au traitement effectu\u00e9 car n\u00e9cessaire \u00e0 l'ex\u00e9cution d'une mission d'int\u00e9r\u00eat public ou relevant de l'exercice de l'autorit\u00e9 publique dont est investi le responsable ou aux fins des int\u00e9r\u00eats l\u00e9gitimes du responsable du traitement ou de tiers, pendant la v\u00e9rification portant sur le point de savoir si les motifs l\u00e9gitimes poursuivis par le responsable du traitement pr\u00e9valent sur ceux de la personne concern\u00e9e. <\/li> <li>Le <b>droit \u00e0 la portabilit\u00e9<\/b>, c'est-\u00e0-dire le droit de recevoir les donn\u00e9es personnelles la concernant fournies \u00e0 un responsable du traitement, dans un format structur\u00e9, couramment utilis\u00e9 et lisible par machine, et le droit de transmettre ces donn\u00e9es \u00e0 un autre responsable du traitement sans que le responsable du traitement auquel les donn\u00e9es personnelles ont \u00e9t\u00e9 communiqu\u00e9es y fasse obstacle, ainsi que le droit d'obtenir que les donn\u00e9es personnelles soient transmises directement d'un responsable du traitement \u00e0 un autre, lorsque cela est techniquement possible, lorsque le traitement est fond\u00e9 sur le consentement ou sur un contrat et qu'il est effectu\u00e9 \u00e0 l'aide de proc\u00e9d\u00e9s automatis\u00e9s. Ce droit ne porte pas atteinte au droit \u00e0 l'effacement. <\/li> <li>Le <b>droit d'opposition<\/b>, c'est-\u00e0-dire le droit de la personne concern\u00e9e de s'opposer \u00e0 tout moment, pour des raisons tenant \u00e0 sa situation particuli\u00e8re, au traitement des donn\u00e9es personnelles la concernant effectu\u00e9 car n\u00e9cessaire \u00e0 l'ex\u00e9cution d'une mission d'int\u00e9r\u00eat public ou relevant de l'exercice de l'autorit\u00e9 publique dont est investi le responsable ou aux fins des int\u00e9r\u00eats l\u00e9gitimes du responsable du traitement ou de tiers. Lorsque les donn\u00e9es personnelles sont trait\u00e9es \u00e0 des fins de prospection, la personne concern\u00e9e a le droit de s'opposer \u00e0 tout moment au traitement des donn\u00e9es personnelles la concernant \u00e0 de telles fins de prospection, y compris au profilage dans la mesure o\u00f9 il est li\u00e9 \u00e0 une telle prospection. <\/li> <\/ul> <p>La personne concern\u00e9e est en outre inform\u00e9e que, si elle estime que le traitement de ses donn\u00e9es personnelles constitue une violation du RGPD, elle a le <b>droit d'introduire une r\u00e9clamation<\/b> aupr\u00e8s de la CNIL, comme pr\u00e9vu par l'art. 77 du R\u00e8glement m\u00eame ou de former un recours juridictionnel (art. 79 du R\u00e8glement). <\/p> <p><b>INFORMATIONS COMPL\u00c9MENTAIRES <\/b><\/p> <p>Des informations compl\u00e9mentaires sur le traitement des donn\u00e9es li\u00e9 au site web sont contenues dans la politique de confidentialit\u00e9 des utilisateurs du site et dans la politique relative aux cookies.<\/p>","_links":{"self":[{"href":"https:\/\/www.rosiglioni.it\/fr\/wp-json\/wp\/v2\/pages\/1298","targetHints":{"allow":["GET"]}}],"collection":[{"href":"https:\/\/www.rosiglioni.it\/fr\/wp-json\/wp\/v2\/pages"}],"about":[{"href":"https:\/\/www.rosiglioni.it\/fr\/wp-json\/wp\/v2\/types\/page"}],"author":[{"embeddable":true,"href":"https:\/\/www.rosiglioni.it\/fr\/wp-json\/wp\/v2\/users\/1"}],"replies":[{"embeddable":true,"href":"https:\/\/www.rosiglioni.it\/fr\/wp-json\/wp\/v2\/comments?post=1298"}],"version-history":[{"count":6,"href":"https:\/\/www.rosiglioni.it\/fr\/wp-json\/wp\/v2\/pages\/1298\/revisions"}],"predecessor-version":[{"id":1336,"href":"https:\/\/www.rosiglioni.it\/fr\/wp-json\/wp\/v2\/pages\/1298\/revisions\/1336"}],"wp:attachment":[{"href":"https:\/\/www.rosiglioni.it\/fr\/wp-json\/wp\/v2\/media?parent=1298"}],"curies":[{"name":"wp","href":"https:\/\/api.w.org\/{rel}","templated":true}]}}