{"id":1347,"date":"2024-03-28T14:58:28","date_gmt":"2024-03-28T13:58:28","guid":{"rendered":"https:\/\/www.rosiglioni.it\/politique-de-confidentialite-2\/"},"modified":"2025-10-23T18:39:12","modified_gmt":"2025-10-23T16:39:12","slug":"politique-de-confidentialite-2","status":"publish","type":"page","link":"https:\/\/www.rosiglioni.it\/fr\/politique-de-confidentialite-2\/","title":{"rendered":"Politique de confidentialit\u00e9"},"content":{"rendered":"<!--themify_builder_content-->\n<div id=\"themify_builder_content-1347\" data-postid=\"1347\" class=\"themify_builder_content themify_builder_content-1347 themify_builder tf_clear\">\n                    <div  data-lazy=\"1\" class=\"module_row themify_builder_row tb_84b077 tb_first tf_w\">\n                        <div class=\"row_inner col_align_top tb_col_count_1 tf_box tf_rel\">\n                        <div  data-lazy=\"1\" class=\"module_column tb-column col-full tb_lrnz77 first\">\n                    <!-- module text -->\n<div  class=\"module module-text tb_lzbn733   \" data-lazy=\"1\">\n        <div  class=\"tb_text_wrap\">\n        <p class=\"p1\"><b>POLITIQUE DE CONFIDENTIALIT\u00c9 DES UTILISATEURS DU SITE WEB<\/b><\/p>\n<p class=\"p3\">Conform\u00e9ment \u00e0 la r\u00e9glementation en vigueur (art. 13 du R\u00e8glement g\u00e9n\u00e9ral sur la protection des donn\u00e9es, ci-apr\u00e8s d\u00e9nomm\u00e9 RGPD), <b>Rosiglioni Impianti S.r.l.<\/b> (ci-apr\u00e8s d\u00e9nomm\u00e9e \u00e9galement \u00ab Responsable \u00bb ou \u00ab Soci\u00e9t\u00e9 \u00bb) fournit aux utilisateurs qui visitent le site web <a href=\"http:\/\/www.rosiglioni.it\"><span class=\"s1\">http:\/\/www.rosiglioni.it<\/span><\/a> les informations relatives au traitement de leurs donn\u00e9es.<\/p>\n<p class=\"p3\"><b>QUI EST LE RESPONSABLE DU TRAITEMENT ET COMMENT LE CONTACTER<\/b><\/p>\n<p class=\"p3\">Le Responsable du traitement est <b>Rosiglioni Impianti S.r.l.<\/b> dont le si\u00e8ge social est situ\u00e9 \u00e0 Rome, via G.Righelli, 76\/78, TVA : 05900461004<\/p>\n<p class=\"p3\">Le Responsable peut \u00eatre contact\u00e9 par email \u00e0 l&rsquo;adresse <a href=\"mailto:info@rosiglioni.it\"><span class=\"s1\">info@rosiglioni.it<\/span><\/a> ou par t\u00e9l\u00e9phone au num\u00e9ro <a href=\"https:\/\/www.google.com\/search?q=telefono+rodiglioni+impianti&amp;client=firefox-b-d&amp;sca_esv=6b393546f34dc1ef&amp;sca_upv=1&amp;sxsrf=ACQVn0-HUnmBUXArO3WgOphUUx2Dhw1mGg%253A1712226608923&amp;ei=MIEOZuz1N8SL9u8PjoCgmA4&amp;ved=0ahUKEwjszbKWraiFAxXEhf0HHQ4ACOMQ4dUDCBA&amp;uact=5&amp;oq=telefono+rodiglioni+impianti&amp;gs_lp=Egxnd3Mtd2l6LXNlcnAiHHRlbGVmb25vIHJvZGlnbGlvbmkgaW1waWFudGkyCBAAGIAEGKIEMggQABiABBiiBDIIEAAYgAQYogRI1xFQ9ANY4AxwAXgAkAEAmAHLAaAB2AmqAQUwLjcuMbgBA8gBAPgBAZgCBqACgAbCAgsQABiABBiiBBiwA8ICCxAAGIkFGKIEGLADmAMA4gMFEgExIECIBgGQBgOSBwMxLjWgB54S&amp;sclient=gws-wiz-serp\"><span class=\"s1\">06 8200 2732<\/span><\/a><\/p>\n<p class=\"p3\"><b>QUELLES SONT LES DONN\u00c9ES TRAIT\u00c9ES ?<\/b><\/p>\n<p class=\"p3\">Les donn\u00e9es trait\u00e9es sont les donn\u00e9es de navigation et les donn\u00e9es fournies volontairement par l&rsquo;utilisateur.<\/p>\n<p class=\"p3\"><b>Donn\u00e9es fournies directement par l&rsquo;utilisateur<\/b><\/p>\n<p class=\"p3\">Cette cat\u00e9gorie comprend toutes les donn\u00e9es personnelles fournies facultativement par l&rsquo;utilisateur (par exemple, lors d&rsquo;une demande d&rsquo;informations via les num\u00e9ros ou les adresses \u00e9lectroniques indiqu\u00e9s sur le site web).<span class=\"Apple-converted-space\">  <\/span>Si l&rsquo;utilisateur d\u00e9cide de contacter le Responsable via le formulaire pr\u00e9sent sur le site, il pourra prendre connaissance en d\u00e9tail des indications sur le traitement des donn\u00e9es requises en acc\u00e9dant \u00e0 la notice d&rsquo;information sp\u00e9cifique figurant sur les pages concern\u00e9es.<\/p>\n<p class=\"p3\"><b>Donn\u00e9es de navigation <\/b><\/p>\n<p class=\"p3\">Les syst\u00e8mes informatiques et les proc\u00e9dures logicielles pr\u00e9pos\u00e9es au fonctionnement de ce site web acqui\u00e8rent, au cours de leur exercice normal, certaines donn\u00e9es personnelles dont la transmission est implicite dans l&rsquo;utilisation des protocoles de communication d&rsquo;Internet.<\/p>\n<p class=\"p3\">Il s&rsquo;agit d&rsquo;informations qui ne sont pas collect\u00e9es pour \u00eatre associ\u00e9es \u00e0 des personnes identifi\u00e9es, mais qui par leur nature m\u00eame pourraient, \u00e0 travers des traitements et des associations avec des donn\u00e9es d\u00e9tenues par des tiers, permettre d&rsquo;identifier les utilisateurs.<\/p>\n<p class=\"p3\">Cette cat\u00e9gorie de donn\u00e9es comprend les adresses IP ou les noms de domaine des ordinateurs utilis\u00e9s par les utilisateurs qui se connectent au site, les adresses URI (Uniform Resource Identifier) des ressources demand\u00e9es, l&rsquo;heure de la requ\u00eate, la m\u00e9thode utilis\u00e9e pour soumettre la requ\u00eate au serveur, la taille du fichier obtenu en r\u00e9ponse, le code num\u00e9rique indiquant l&rsquo;\u00e9tat de la r\u00e9ponse donn\u00e9e par le serveur (succ\u00e8s, erreur, etc.) et d&rsquo;autres param\u00e8tres relatifs au syst\u00e8me d&rsquo;exploitation et \u00e0 l&rsquo;environnement informatique de l&rsquo;utilisateur.<\/p>\n<p class=\"p5\"><b>Informations acquises via les cookies et autres syst\u00e8mes de tra\u00e7age<\/b><\/p>\n<p class=\"p5\">Le site utilise des cookies. Les sp\u00e9cifications sont contenues dans la politique relative aux cookies qui peut \u00eatre consult\u00e9e \u00e0 tout moment. <\/p>\n<p class=\"p3\"><b>QUELLES SONT LES FINALIT\u00c9S ET LES BASES JURIDIQUES DU TRAITEMENT ? <\/b><\/p>\n<p class=\"p6\"><b>Donn\u00e9es fournies directement par l&rsquo;utilisateur : finalit\u00e9s et bases juridiques <\/b><\/p>\n<p class=\"p3\">Les donn\u00e9es personnelles fournies facultativement par l&rsquo;utilisateur en contactant le responsable via les coordonn\u00e9es pr\u00e9sentes sur le site sont utilis\u00e9es uniquement pour donner suite aux demandes formul\u00e9es.<\/p>\n<p class=\"p3\">La base juridique du traitement de ces donn\u00e9es est l&rsquo;ex\u00e9cution de mesures pr\u00e9contractuelles et les obligations d\u00e9coulant du contrat.<\/p>\n<p class=\"p3\">Si n\u00e9cessaire, les donn\u00e9es pourront \u00e9galement \u00eatre utilis\u00e9es en raison de l&rsquo;int\u00e9r\u00eat l\u00e9gitime du responsable de v\u00e9rifier la s\u00e9curit\u00e9 et le bon fonctionnement des syst\u00e8mes informatiques utilis\u00e9s et de mener des activit\u00e9s d\u00e9fensives ou de faire valoir ou d\u00e9fendre un droit en justice.<\/p>\n<p class=\"p3\">L&rsquo;utilisateur pourra fournir ses donn\u00e9es via le formulaire pr\u00e9sent sur le site, o\u00f9 figure une notice d&rsquo;information sp\u00e9cifique, que l&rsquo;utilisateur devra consulter avant de fournir les donn\u00e9es, dans laquelle sont indiqu\u00e9es en d\u00e9tail toutes les informations sur leur traitement.<\/p>\n<p class=\"p3\"><b>Donn\u00e9es de navigation : finalit\u00e9s et bases juridiques<\/b><\/p>\n<p class=\"p3\">Les donn\u00e9es de navigation sont utilis\u00e9es \u00e0 des fins de s\u00e9curit\u00e9 du site et pour contr\u00f4ler son bon fonctionnement et pourraient \u00eatre utilis\u00e9es pour \u00e9tablir les responsabilit\u00e9s en cas d&rsquo;\u00e9ventuels d\u00e9lits informatiques au d\u00e9triment du site web.<\/p>\n<p class=\"p3\">La base juridique du traitement de ces donn\u00e9es est l&rsquo;int\u00e9r\u00eat l\u00e9gitime du responsable et, dans le cas de demandes de la part des Autorit\u00e9s, l&rsquo;obligation l\u00e9gale.<\/p>\n<p class=\"p3\"><b>COMMENT LES DONN\u00c9ES SONT-ELLES G\u00c9R\u00c9ES ?<\/b><\/p>\n<p class=\"p3\">Les donn\u00e9es collect\u00e9es sont trait\u00e9es avec des outils informatiques qui garantissent des mesures de s\u00e9curit\u00e9 ad\u00e9quates pour pr\u00e9venir la perte des donn\u00e9es, les utilisations illicites ou incorrectes et les acc\u00e8s non autoris\u00e9s.<\/p>\n<p class=\"p3\"><b>Transfert de donn\u00e9es \u00e0 l&rsquo;\u00e9tranger<\/b><\/p>\n<p class=\"p3\">L&rsquo;h\u00e9bergement utilis\u00e9 pour le site implique un transfert des donn\u00e9es vers des pays hors UE (USA)<\/p>\n<p class=\"p3\"><b>Dur\u00e9es de conservation<\/b><\/p>\n<p class=\"p5\">Les donn\u00e9es fournies directement par la personne concern\u00e9e sont conserv\u00e9es pendant le temps strictement n\u00e9cessaire pour donner suite aux demandes puis supprim\u00e9es, sous r\u00e9serve des besoins de d\u00e9fense (qui pourraient n\u00e9cessiter une conservation plus longue).<\/p>\n<p class=\"p7\"><b>QUE SE PASSE-T-IL SI LES DONN\u00c9ES NE SONT PAS FOURNIES ?<\/b><\/p>\n<p class=\"p3\">\u00c0 l&rsquo;exception des donn\u00e9es de navigation n\u00e9cessaires pour donner suite aux protocoles informatiques et t\u00e9l\u00e9matiques, la fourniture des donn\u00e9es par les utilisateurs via les diff\u00e9rentes modalit\u00e9s mises \u00e0 disposition est libre et facultative. Toutefois, la non-fourniture des donn\u00e9es entra\u00eenera l&rsquo;impossibilit\u00e9 de r\u00e9pondre aux demandes formul\u00e9es et de b\u00e9n\u00e9ficier des services d&rsquo;int\u00e9r\u00eat. <\/p>\n<p class=\"p3\"><b>QUI PEUT CONNA\u00ceTRE LES DONN\u00c9ES ?<\/b><\/p>\n<p class=\"p3\">Les donn\u00e9es seront trait\u00e9es par le Responsable \u00e0 travers le personnel autoris\u00e9.<\/p>\n<p class=\"p3\">Les donn\u00e9es seront connues des soci\u00e9t\u00e9s auxquelles le responsable fait appel pour la fourniture de services d&rsquo;h\u00e9bergement et d&rsquo;autres services li\u00e9s au site, des soci\u00e9t\u00e9s d&rsquo;assistance et de maintenance des syst\u00e8mes utilis\u00e9s, de la soci\u00e9t\u00e9 qui fournit des services de communication et des consultants pour la gestion du contentieux et pour l&rsquo;assistance juridique en cas d&rsquo;\u00e9ventuels litiges n\u00e9cessitant leur intervention. Les donn\u00e9es pourront en outre \u00eatre connues des Autorit\u00e9s comp\u00e9tentes en cas de demandes sp\u00e9cifiques auxquelles le responsable est tenu de donner suite, conform\u00e9ment \u00e0 la loi. <\/p>\n<p class=\"p3\">D&rsquo;autres tiers impliqu\u00e9s dans le traitement des donn\u00e9es acquises via les formulaires pr\u00e9sents sur le site et via les cookies et outils analogues sont mentionn\u00e9s dans les notices d&rsquo;information sp\u00e9cifiques d\u00e9taill\u00e9es.<\/p>\n<p class=\"p3\">Il est pr\u00e9cis\u00e9 que certains des sujets indiqu\u00e9s op\u00e8rent en tant que responsables du traitement et que la communication \u00e0 ceux qui op\u00e8rent en tant que responsables autonomes est effectu\u00e9e car prescrite par des obligations l\u00e9gales ou n\u00e9cessaire pour donner suite aux obligations d\u00e9rivant de la relation contractuelle ou \u00e0 l&rsquo;int\u00e9r\u00eat l\u00e9gitime du responsable consistant \u00e0 maintenir la s\u00e9curit\u00e9 des syst\u00e8mes informatiques et \u00e0 mener des activit\u00e9s d\u00e9fensives \u00e0 travers des conseillers juridiques.<\/p>\n<p class=\"p3\">La communication est toutefois limit\u00e9e aux seules cat\u00e9gories de donn\u00e9es dont la transmission est n\u00e9cessaire pour l&rsquo;exercice des activit\u00e9s et la poursuite des finalit\u00e9s vis\u00e9es.<\/p>\n<p class=\"p3\">La personne concern\u00e9e pourra demander au Responsable la liste des tiers externes qui exercent leur activit\u00e9 en tant que responsables du traitement.<\/p>\n<p class=\"p3\"><b>QUELS SONT LES DROITS DE L&rsquo;INT\u00c9RESS\u00c9 ?<\/b><\/p>\n<p class=\"p3\">La loi reconna\u00eet \u00e0 l&rsquo;int\u00e9ress\u00e9 le droit de demander au responsable du traitement l&rsquo;acc\u00e8s aux donn\u00e9es personnelles et la rectification ou l&rsquo;effacement de celles-ci ou la limitation du traitement le concernant ou de s&rsquo;opposer \u00e0 leur traitement, outre le droit \u00e0 la portabilit\u00e9 des donn\u00e9es.<\/p>\n<p class=\"p3\">L&rsquo;int\u00e9ress\u00e9 pourra faire valoir ses droits \u00e0 tout moment, sans formalit\u00e9s, en s&rsquo;adressant au responsable via l&rsquo;adresse email indiqu\u00e9e. Le Responsable fournira une r\u00e9ponse dans les 30 jours suivant la r\u00e9ception de la demande, comme pr\u00e9vu par la r\u00e9glementation en vigueur. <\/p>\n<p class=\"p3\">Sont d\u00e9taill\u00e9s ci-dessous les droits reconnus par la r\u00e9glementation en vigueur en mati\u00e8re de protection des donn\u00e9es personnelles.<\/p>\n<ul class=\"ul1\">\n<li class=\"li3\">Le <b>droit d&rsquo;acc\u00e8s<\/b>, c&rsquo;est-\u00e0-dire le droit d&rsquo;obtenir du responsable du traitement la confirmation que des donn\u00e9es personnelles le concernant font ou ne font pas l&rsquo;objet d&rsquo;un traitement et, dans l&rsquo;affirmative, d&rsquo;obtenir l&rsquo;acc\u00e8s auxdites donn\u00e9es personnelles ainsi qu&rsquo;aux informations suivantes : a) les finalit\u00e9s du traitement ; b) les cat\u00e9gories de donn\u00e9es personnelles concern\u00e9es ; c) les destinataires ou cat\u00e9gories de destinataires auxquels les donn\u00e9es personnelles ont \u00e9t\u00e9 ou seront communiqu\u00e9es, en particulier les destinataires qui sont \u00e9tablis dans des pays tiers ou les organisations internationales ; d) lorsque cela est possible, la dur\u00e9e de conservation des donn\u00e9es personnelles envisag\u00e9e ou, lorsque ce n&rsquo;est pas possible, les crit\u00e8res utilis\u00e9s pour d\u00e9terminer cette dur\u00e9e ; e) l&rsquo;existence du droit de demander au responsable du traitement la rectification ou l&rsquo;effacement de donn\u00e9es personnelles, ou une limitation du traitement des donn\u00e9es personnelles relatives \u00e0 la personne concern\u00e9e, ou du droit de s&rsquo;opposer \u00e0 ce traitement ; f) le droit d&rsquo;introduire une r\u00e9clamation aupr\u00e8s d&rsquo;une autorit\u00e9 de contr\u00f4le ; g) lorsque les donn\u00e9es personnelles ne sont pas collect\u00e9es aupr\u00e8s de la personne concern\u00e9e, toute information disponible quant \u00e0 leur source ; h) l&rsquo;existence d&rsquo;une prise de d\u00e9cision automatis\u00e9e, y compris un profilage, et, au moins en pareils cas, des informations utiles concernant la logique sous-jacente, ainsi que l&rsquo;importance et les cons\u00e9quences pr\u00e9vues de ce traitement pour la personne concern\u00e9e. Lorsque les donn\u00e9es personnelles sont transf\u00e9r\u00e9es vers un pays tiers ou \u00e0 une organisation internationale, la personne concern\u00e9e a le droit d&rsquo;\u00eatre inform\u00e9e des garanties appropri\u00e9es relatives au transfert.         <\/li>\n<li class=\"li3\">Le <b>droit de rectification<\/b>, c&rsquo;est-\u00e0-dire le droit d&rsquo;obtenir du responsable du traitement, dans les meilleurs d\u00e9lais, la rectification des donn\u00e9es personnelles inexactes la concernant. Compte tenu des finalit\u00e9s du traitement, la personne concern\u00e9e a le droit d&rsquo;obtenir que les donn\u00e9es personnelles incompl\u00e8tes soient compl\u00e9t\u00e9es, y compris en fournissant une d\u00e9claration compl\u00e9mentaire. <\/li>\n<li class=\"li3\">Le <b>droit \u00e0 l&rsquo;effacement<\/b>, c&rsquo;est-\u00e0-dire le droit d&rsquo;obtenir du responsable du traitement l&rsquo;effacement, dans les meilleurs d\u00e9lais, de donn\u00e9es personnelles la concernant lorsque : a) les donn\u00e9es personnelles ne sont plus n\u00e9cessaires au regard des finalit\u00e9s pour lesquelles elles ont \u00e9t\u00e9 collect\u00e9es ou trait\u00e9es ; b) la personne concern\u00e9e retire le consentement sur lequel est fond\u00e9 le traitement et il n&rsquo;existe pas d&rsquo;autre fondement juridique au traitement ; c) la personne concern\u00e9e s&rsquo;oppose au traitement effectu\u00e9 car n\u00e9cessaire \u00e0 l&rsquo;ex\u00e9cution d&rsquo;une mission d&rsquo;int\u00e9r\u00eat public ou relevant de l&rsquo;exercice de l&rsquo;autorit\u00e9 publique dont est investi le responsable ou aux fins des int\u00e9r\u00eats l\u00e9gitimes et il n&rsquo;existe pas de motif l\u00e9gitime imp\u00e9rieux pour le traitement, ou s&rsquo;oppose au traitement \u00e0 des fins de prospection ; d) les donn\u00e9es personnelles ont fait l&rsquo;objet d&rsquo;un traitement illicite ; e) les donn\u00e9es personnelles doivent \u00eatre effac\u00e9es pour respecter une obligation l\u00e9gale pr\u00e9vue par le droit de l&rsquo;Union ou par le droit de l&rsquo;\u00c9tat membre auquel le responsable du traitement est soumis ; f) les donn\u00e9es personnelles ont \u00e9t\u00e9 collect\u00e9es dans le cadre de l&rsquo;offre de services de la soci\u00e9t\u00e9 de l&rsquo;information aux mineurs. La demande d&rsquo;effacement ne peut cependant pas \u00eatre accept\u00e9e si le traitement est n\u00e9cessaire : a) \u00e0 l&rsquo;exercice du droit \u00e0 la libert\u00e9 d&rsquo;expression et d&rsquo;information ; b) pour respecter une obligation l\u00e9gale qui requiert le traitement pr\u00e9vu par le droit de l&rsquo;Union ou par le droit de l&rsquo;\u00c9tat membre auquel le responsable du traitement est soumis, ou pour ex\u00e9cuter une mission d&rsquo;int\u00e9r\u00eat public ou relevant de l&rsquo;exercice de l&rsquo;autorit\u00e9 publique dont est investi le responsable du traitement ; c) pour des motifs d&rsquo;int\u00e9r\u00eat public dans le domaine de la sant\u00e9 publique ; d) \u00e0 des fins archivistiques dans l&rsquo;int\u00e9r\u00eat public, \u00e0 des fins de recherche scientifique ou historique ou \u00e0 des fins statistiques dans la mesure o\u00f9 le droit \u00e0 l&rsquo;effacement est susceptible de rendre impossible ou de compromettre gravement la r\u00e9alisation des objectifs dudit traitement ; ou e) \u00e0 la constatation, \u00e0 l&rsquo;exercice ou \u00e0 la d\u00e9fense de droits en justice.            <\/li>\n<li class=\"li3\">Le <b>droit \u00e0 la limitation<\/b>, c&rsquo;est-\u00e0-dire le droit d&rsquo;obtenir que les donn\u00e9es ne soient trait\u00e9es, \u00e0 l&rsquo;exception de leur conservation, qu&rsquo;avec le consentement de la personne concern\u00e9e ou pour la constatation, l&rsquo;exercice ou la d\u00e9fense de droits en justice, ou pour la protection des droits d&rsquo;une autre personne physique ou morale, ou encore pour des motifs importants d&rsquo;int\u00e9r\u00eat public de l&rsquo;Union ou d&rsquo;un \u00c9tat membre lorsque : a) l&rsquo;exactitude des donn\u00e9es personnelles est contest\u00e9e par la personne concern\u00e9e, pendant une dur\u00e9e permettant au responsable du traitement de v\u00e9rifier l&rsquo;exactitude de ces donn\u00e9es personnelles ; b) le traitement est illicite et la personne concern\u00e9e s&rsquo;oppose \u00e0 leur effacement et exige \u00e0 la place la limitation de leur utilisation ; c) bien que le responsable du traitement n&rsquo;en ait plus besoin aux fins du traitement, les donn\u00e9es personnelles sont encore n\u00e9cessaires \u00e0 la personne concern\u00e9e pour la constatation, l&rsquo;exercice ou la d\u00e9fense de droits en justice ; d) la personne concern\u00e9e s&rsquo;est oppos\u00e9e au traitement effectu\u00e9 car n\u00e9cessaire \u00e0 l&rsquo;ex\u00e9cution d&rsquo;une mission d&rsquo;int\u00e9r\u00eat public ou relevant de l&rsquo;exercice de l&rsquo;autorit\u00e9 publique dont est investi le responsable ou aux fins des int\u00e9r\u00eats l\u00e9gitimes du responsable du traitement ou de tiers, pendant la v\u00e9rification portant sur le point de savoir si les motifs l\u00e9gitimes poursuivis par le responsable du traitement pr\u00e9valent sur ceux de la personne concern\u00e9e.     <\/li>\n<li class=\"li3\">Le <b>droit \u00e0 la portabilit\u00e9<\/b>, c&rsquo;est-\u00e0-dire le droit de recevoir les donn\u00e9es personnelles la concernant fournies \u00e0 un responsable du traitement, dans un format structur\u00e9, couramment utilis\u00e9 et lisible par machine, et le droit de transmettre ces donn\u00e9es \u00e0 un autre responsable du traitement sans que le responsable du traitement auquel les donn\u00e9es personnelles ont \u00e9t\u00e9 communiqu\u00e9es y fasse obstacle, ainsi que le droit d&rsquo;obtenir que les donn\u00e9es personnelles soient transmises directement d&rsquo;un responsable du traitement \u00e0 un autre, lorsque cela est techniquement possible, lorsque le traitement est fond\u00e9 sur le consentement ou sur un contrat et qu&rsquo;il est effectu\u00e9 \u00e0 l&rsquo;aide de proc\u00e9d\u00e9s automatis\u00e9s. Ce droit ne porte pas atteinte au droit \u00e0 l&rsquo;effacement. <\/li>\n<li class=\"li3\">Le <b>droit d&rsquo;opposition<\/b>, c&rsquo;est-\u00e0-dire le droit de la personne concern\u00e9e de s&rsquo;opposer \u00e0 tout moment, pour des raisons tenant \u00e0 sa situation particuli\u00e8re, au traitement des donn\u00e9es personnelles la concernant effectu\u00e9 car n\u00e9cessaire \u00e0 l&rsquo;ex\u00e9cution d&rsquo;une mission d&rsquo;int\u00e9r\u00eat public ou relevant de l&rsquo;exercice de l&rsquo;autorit\u00e9 publique dont est investi le responsable ou aux fins des int\u00e9r\u00eats l\u00e9gitimes du responsable du traitement ou de tiers. Lorsque les donn\u00e9es personnelles sont trait\u00e9es \u00e0 des fins de prospection, la personne concern\u00e9e a le droit de s&rsquo;opposer \u00e0 tout moment au traitement des donn\u00e9es personnelles la concernant \u00e0 de telles fins de prospection, y compris au profilage dans la mesure o\u00f9 il est li\u00e9 \u00e0 une telle prospection. <\/li>\n<\/ul>\n<p class=\"p3\">La personne concern\u00e9e est en outre inform\u00e9e que, si elle estime que le traitement de ses donn\u00e9es personnelles constitue une violation du RGPD, elle a le <b>droit d&rsquo;introduire une r\u00e9clamation<\/b> aupr\u00e8s de la CNIL, comme pr\u00e9vu par l&rsquo;art. 77 du R\u00e8glement m\u00eame ou de former un recours juridictionnel (art. 79 du R\u00e8glement). <\/p>    <\/div>\n<\/div>\n<!-- \/module text -->        <\/div>\n                        <\/div>\n        <\/div>\n        <\/div>\n<!--\/themify_builder_content-->","protected":false},"excerpt":{"rendered":"<p>POLITIQUE DE CONFIDENTIALIT\u00c9 DES UTILISATEURS DU SITE WEB Conform\u00e9ment \u00e0 la r\u00e9glementation en vigueur (art. 13 du R\u00e8glement g\u00e9n\u00e9ral sur la protection des donn\u00e9es, ci-apr\u00e8s d\u00e9nomm\u00e9 RGPD), Rosiglioni Impianti S.r.l. (ci-apr\u00e8s d\u00e9nomm\u00e9e \u00e9galement \u00ab Responsable \u00bb ou \u00ab Soci\u00e9t\u00e9 \u00bb) fournit aux utilisateurs qui visitent le site web http:\/\/www.rosiglioni.it les informations relatives au traitement de [&hellip;]<\/p>\n","protected":false},"author":1,"featured_media":0,"parent":0,"menu_order":0,"comment_status":"closed","ping_status":"open","template":"","meta":{"inline_featured_image":false,"footnotes":""},"class_list":["post-1347","page","type-page","status-publish","hentry","has-post-title","has-post-date","has-post-category","has-post-tag","has-post-comment","has-post-author",""],"aioseo_notices":[],"builder_content":"<p><b>POLITIQUE DE CONFIDENTIALIT\u00c9 DES UTILISATEURS DU SITE WEB<\/b><\/p> <p>Conform\u00e9ment \u00e0 la r\u00e9glementation en vigueur (art. 13 du R\u00e8glement g\u00e9n\u00e9ral sur la protection des donn\u00e9es, ci-apr\u00e8s d\u00e9nomm\u00e9 RGPD), <b>Rosiglioni Impianti S.r.l.<\/b> (ci-apr\u00e8s d\u00e9nomm\u00e9e \u00e9galement \u00ab Responsable \u00bb ou \u00ab Soci\u00e9t\u00e9 \u00bb) fournit aux utilisateurs qui visitent le site web <a href=\"http:\/\/www.rosiglioni.it\">http:\/\/www.rosiglioni.it<\/a> les informations relatives au traitement de leurs donn\u00e9es.<\/p> <p><b>QUI EST LE RESPONSABLE DU TRAITEMENT ET COMMENT LE CONTACTER<\/b><\/p> <p>Le Responsable du traitement est <b>Rosiglioni Impianti S.r.l.<\/b> dont le si\u00e8ge social est situ\u00e9 \u00e0 Rome, via G.Righelli, 76\/78, TVA : 05900461004<\/p> <p>Le Responsable peut \u00eatre contact\u00e9 par email \u00e0 l'adresse <a href=\"mailto:info@rosiglioni.it\">info@rosiglioni.it<\/a> ou par t\u00e9l\u00e9phone au num\u00e9ro <a href=\"https:\/\/www.google.com\/search?q=telefono+rodiglioni+impianti&amp;client=firefox-b-d&amp;sca_esv=6b393546f34dc1ef&amp;sca_upv=1&amp;sxsrf=ACQVn0-HUnmBUXArO3WgOphUUx2Dhw1mGg%253A1712226608923&amp;ei=MIEOZuz1N8SL9u8PjoCgmA4&amp;ved=0ahUKEwjszbKWraiFAxXEhf0HHQ4ACOMQ4dUDCBA&amp;uact=5&amp;oq=telefono+rodiglioni+impianti&amp;gs_lp=Egxnd3Mtd2l6LXNlcnAiHHRlbGVmb25vIHJvZGlnbGlvbmkgaW1waWFudGkyCBAAGIAEGKIEMggQABiABBiiBDIIEAAYgAQYogRI1xFQ9ANY4AxwAXgAkAEAmAHLAaAB2AmqAQUwLjcuMbgBA8gBAPgBAZgCBqACgAbCAgsQABiABBiiBBiwA8ICCxAAGIkFGKIEGLADmAMA4gMFEgExIECIBgGQBgOSBwMxLjWgB54S&amp;sclient=gws-wiz-serp\">06 8200 2732<\/a><\/p> <p><b>QUELLES SONT LES DONN\u00c9ES TRAIT\u00c9ES ?<\/b><\/p> <p>Les donn\u00e9es trait\u00e9es sont les donn\u00e9es de navigation et les donn\u00e9es fournies volontairement par l'utilisateur.<\/p> <p><b>Donn\u00e9es fournies directement par l'utilisateur<\/b><\/p> <p>Cette cat\u00e9gorie comprend toutes les donn\u00e9es personnelles fournies facultativement par l'utilisateur (par exemple, lors d'une demande d'informations via les num\u00e9ros ou les adresses \u00e9lectroniques indiqu\u00e9s sur le site web). Si l'utilisateur d\u00e9cide de contacter le Responsable via le formulaire pr\u00e9sent sur le site, il pourra prendre connaissance en d\u00e9tail des indications sur le traitement des donn\u00e9es requises en acc\u00e9dant \u00e0 la notice d'information sp\u00e9cifique figurant sur les pages concern\u00e9es.<\/p> <p><b>Donn\u00e9es de navigation <\/b><\/p> <p>Les syst\u00e8mes informatiques et les proc\u00e9dures logicielles pr\u00e9pos\u00e9es au fonctionnement de ce site web acqui\u00e8rent, au cours de leur exercice normal, certaines donn\u00e9es personnelles dont la transmission est implicite dans l'utilisation des protocoles de communication d'Internet.<\/p> <p>Il s'agit d'informations qui ne sont pas collect\u00e9es pour \u00eatre associ\u00e9es \u00e0 des personnes identifi\u00e9es, mais qui par leur nature m\u00eame pourraient, \u00e0 travers des traitements et des associations avec des donn\u00e9es d\u00e9tenues par des tiers, permettre d'identifier les utilisateurs.<\/p> <p>Cette cat\u00e9gorie de donn\u00e9es comprend les adresses IP ou les noms de domaine des ordinateurs utilis\u00e9s par les utilisateurs qui se connectent au site, les adresses URI (Uniform Resource Identifier) des ressources demand\u00e9es, l'heure de la requ\u00eate, la m\u00e9thode utilis\u00e9e pour soumettre la requ\u00eate au serveur, la taille du fichier obtenu en r\u00e9ponse, le code num\u00e9rique indiquant l'\u00e9tat de la r\u00e9ponse donn\u00e9e par le serveur (succ\u00e8s, erreur, etc.) et d'autres param\u00e8tres relatifs au syst\u00e8me d'exploitation et \u00e0 l'environnement informatique de l'utilisateur.<\/p> <p><b>Informations acquises via les cookies et autres syst\u00e8mes de tra\u00e7age<\/b><\/p> <p>Le site utilise des cookies. Les sp\u00e9cifications sont contenues dans la politique relative aux cookies qui peut \u00eatre consult\u00e9e \u00e0 tout moment. <\/p> <p><b>QUELLES SONT LES FINALIT\u00c9S ET LES BASES JURIDIQUES DU TRAITEMENT ? <\/b><\/p> <p><b>Donn\u00e9es fournies directement par l'utilisateur : finalit\u00e9s et bases juridiques <\/b><\/p> <p>Les donn\u00e9es personnelles fournies facultativement par l'utilisateur en contactant le responsable via les coordonn\u00e9es pr\u00e9sentes sur le site sont utilis\u00e9es uniquement pour donner suite aux demandes formul\u00e9es.<\/p> <p>La base juridique du traitement de ces donn\u00e9es est l'ex\u00e9cution de mesures pr\u00e9contractuelles et les obligations d\u00e9coulant du contrat.<\/p> <p>Si n\u00e9cessaire, les donn\u00e9es pourront \u00e9galement \u00eatre utilis\u00e9es en raison de l'int\u00e9r\u00eat l\u00e9gitime du responsable de v\u00e9rifier la s\u00e9curit\u00e9 et le bon fonctionnement des syst\u00e8mes informatiques utilis\u00e9s et de mener des activit\u00e9s d\u00e9fensives ou de faire valoir ou d\u00e9fendre un droit en justice.<\/p> <p>L'utilisateur pourra fournir ses donn\u00e9es via le formulaire pr\u00e9sent sur le site, o\u00f9 figure une notice d'information sp\u00e9cifique, que l'utilisateur devra consulter avant de fournir les donn\u00e9es, dans laquelle sont indiqu\u00e9es en d\u00e9tail toutes les informations sur leur traitement.<\/p> <p><b>Donn\u00e9es de navigation : finalit\u00e9s et bases juridiques<\/b><\/p> <p>Les donn\u00e9es de navigation sont utilis\u00e9es \u00e0 des fins de s\u00e9curit\u00e9 du site et pour contr\u00f4ler son bon fonctionnement et pourraient \u00eatre utilis\u00e9es pour \u00e9tablir les responsabilit\u00e9s en cas d'\u00e9ventuels d\u00e9lits informatiques au d\u00e9triment du site web.<\/p> <p>La base juridique du traitement de ces donn\u00e9es est l'int\u00e9r\u00eat l\u00e9gitime du responsable et, dans le cas de demandes de la part des Autorit\u00e9s, l'obligation l\u00e9gale.<\/p> <p><b>COMMENT LES DONN\u00c9ES SONT-ELLES G\u00c9R\u00c9ES ?<\/b><\/p> <p>Les donn\u00e9es collect\u00e9es sont trait\u00e9es avec des outils informatiques qui garantissent des mesures de s\u00e9curit\u00e9 ad\u00e9quates pour pr\u00e9venir la perte des donn\u00e9es, les utilisations illicites ou incorrectes et les acc\u00e8s non autoris\u00e9s.<\/p> <p><b>Transfert de donn\u00e9es \u00e0 l'\u00e9tranger<\/b><\/p> <p>L'h\u00e9bergement utilis\u00e9 pour le site implique un transfert des donn\u00e9es vers des pays hors UE (USA)<\/p> <p><b>Dur\u00e9es de conservation<\/b><\/p> <p>Les donn\u00e9es fournies directement par la personne concern\u00e9e sont conserv\u00e9es pendant le temps strictement n\u00e9cessaire pour donner suite aux demandes puis supprim\u00e9es, sous r\u00e9serve des besoins de d\u00e9fense (qui pourraient n\u00e9cessiter une conservation plus longue).<\/p> <p><b>QUE SE PASSE-T-IL SI LES DONN\u00c9ES NE SONT PAS FOURNIES ?<\/b><\/p> <p>\u00c0 l'exception des donn\u00e9es de navigation n\u00e9cessaires pour donner suite aux protocoles informatiques et t\u00e9l\u00e9matiques, la fourniture des donn\u00e9es par les utilisateurs via les diff\u00e9rentes modalit\u00e9s mises \u00e0 disposition est libre et facultative. Toutefois, la non-fourniture des donn\u00e9es entra\u00eenera l'impossibilit\u00e9 de r\u00e9pondre aux demandes formul\u00e9es et de b\u00e9n\u00e9ficier des services d'int\u00e9r\u00eat. <\/p> <p><b>QUI PEUT CONNA\u00ceTRE LES DONN\u00c9ES ?<\/b><\/p> <p>Les donn\u00e9es seront trait\u00e9es par le Responsable \u00e0 travers le personnel autoris\u00e9.<\/p> <p>Les donn\u00e9es seront connues des soci\u00e9t\u00e9s auxquelles le responsable fait appel pour la fourniture de services d'h\u00e9bergement et d'autres services li\u00e9s au site, des soci\u00e9t\u00e9s d'assistance et de maintenance des syst\u00e8mes utilis\u00e9s, de la soci\u00e9t\u00e9 qui fournit des services de communication et des consultants pour la gestion du contentieux et pour l'assistance juridique en cas d'\u00e9ventuels litiges n\u00e9cessitant leur intervention. Les donn\u00e9es pourront en outre \u00eatre connues des Autorit\u00e9s comp\u00e9tentes en cas de demandes sp\u00e9cifiques auxquelles le responsable est tenu de donner suite, conform\u00e9ment \u00e0 la loi. <\/p> <p>D'autres tiers impliqu\u00e9s dans le traitement des donn\u00e9es acquises via les formulaires pr\u00e9sents sur le site et via les cookies et outils analogues sont mentionn\u00e9s dans les notices d'information sp\u00e9cifiques d\u00e9taill\u00e9es.<\/p> <p>Il est pr\u00e9cis\u00e9 que certains des sujets indiqu\u00e9s op\u00e8rent en tant que responsables du traitement et que la communication \u00e0 ceux qui op\u00e8rent en tant que responsables autonomes est effectu\u00e9e car prescrite par des obligations l\u00e9gales ou n\u00e9cessaire pour donner suite aux obligations d\u00e9rivant de la relation contractuelle ou \u00e0 l'int\u00e9r\u00eat l\u00e9gitime du responsable consistant \u00e0 maintenir la s\u00e9curit\u00e9 des syst\u00e8mes informatiques et \u00e0 mener des activit\u00e9s d\u00e9fensives \u00e0 travers des conseillers juridiques.<\/p> <p>La communication est toutefois limit\u00e9e aux seules cat\u00e9gories de donn\u00e9es dont la transmission est n\u00e9cessaire pour l'exercice des activit\u00e9s et la poursuite des finalit\u00e9s vis\u00e9es.<\/p> <p>La personne concern\u00e9e pourra demander au Responsable la liste des tiers externes qui exercent leur activit\u00e9 en tant que responsables du traitement.<\/p> <p><b>QUELS SONT LES DROITS DE L'INT\u00c9RESS\u00c9 ?<\/b><\/p> <p>La loi reconna\u00eet \u00e0 l'int\u00e9ress\u00e9 le droit de demander au responsable du traitement l'acc\u00e8s aux donn\u00e9es personnelles et la rectification ou l'effacement de celles-ci ou la limitation du traitement le concernant ou de s'opposer \u00e0 leur traitement, outre le droit \u00e0 la portabilit\u00e9 des donn\u00e9es.<\/p> <p>L'int\u00e9ress\u00e9 pourra faire valoir ses droits \u00e0 tout moment, sans formalit\u00e9s, en s'adressant au responsable via l'adresse email indiqu\u00e9e. Le Responsable fournira une r\u00e9ponse dans les 30 jours suivant la r\u00e9ception de la demande, comme pr\u00e9vu par la r\u00e9glementation en vigueur. <\/p> <p>Sont d\u00e9taill\u00e9s ci-dessous les droits reconnus par la r\u00e9glementation en vigueur en mati\u00e8re de protection des donn\u00e9es personnelles.<\/p> <ul> <li>Le <b>droit d'acc\u00e8s<\/b>, c'est-\u00e0-dire le droit d'obtenir du responsable du traitement la confirmation que des donn\u00e9es personnelles le concernant font ou ne font pas l'objet d'un traitement et, dans l'affirmative, d'obtenir l'acc\u00e8s auxdites donn\u00e9es personnelles ainsi qu'aux informations suivantes : a) les finalit\u00e9s du traitement ; b) les cat\u00e9gories de donn\u00e9es personnelles concern\u00e9es ; c) les destinataires ou cat\u00e9gories de destinataires auxquels les donn\u00e9es personnelles ont \u00e9t\u00e9 ou seront communiqu\u00e9es, en particulier les destinataires qui sont \u00e9tablis dans des pays tiers ou les organisations internationales ; d) lorsque cela est possible, la dur\u00e9e de conservation des donn\u00e9es personnelles envisag\u00e9e ou, lorsque ce n'est pas possible, les crit\u00e8res utilis\u00e9s pour d\u00e9terminer cette dur\u00e9e ; e) l'existence du droit de demander au responsable du traitement la rectification ou l'effacement de donn\u00e9es personnelles, ou une limitation du traitement des donn\u00e9es personnelles relatives \u00e0 la personne concern\u00e9e, ou du droit de s'opposer \u00e0 ce traitement ; f) le droit d'introduire une r\u00e9clamation aupr\u00e8s d'une autorit\u00e9 de contr\u00f4le ; g) lorsque les donn\u00e9es personnelles ne sont pas collect\u00e9es aupr\u00e8s de la personne concern\u00e9e, toute information disponible quant \u00e0 leur source ; h) l'existence d'une prise de d\u00e9cision automatis\u00e9e, y compris un profilage, et, au moins en pareils cas, des informations utiles concernant la logique sous-jacente, ainsi que l'importance et les cons\u00e9quences pr\u00e9vues de ce traitement pour la personne concern\u00e9e. Lorsque les donn\u00e9es personnelles sont transf\u00e9r\u00e9es vers un pays tiers ou \u00e0 une organisation internationale, la personne concern\u00e9e a le droit d'\u00eatre inform\u00e9e des garanties appropri\u00e9es relatives au transfert. <\/li> <li>Le <b>droit de rectification<\/b>, c'est-\u00e0-dire le droit d'obtenir du responsable du traitement, dans les meilleurs d\u00e9lais, la rectification des donn\u00e9es personnelles inexactes la concernant. Compte tenu des finalit\u00e9s du traitement, la personne concern\u00e9e a le droit d'obtenir que les donn\u00e9es personnelles incompl\u00e8tes soient compl\u00e9t\u00e9es, y compris en fournissant une d\u00e9claration compl\u00e9mentaire. <\/li> <li>Le <b>droit \u00e0 l'effacement<\/b>, c'est-\u00e0-dire le droit d'obtenir du responsable du traitement l'effacement, dans les meilleurs d\u00e9lais, de donn\u00e9es personnelles la concernant lorsque : a) les donn\u00e9es personnelles ne sont plus n\u00e9cessaires au regard des finalit\u00e9s pour lesquelles elles ont \u00e9t\u00e9 collect\u00e9es ou trait\u00e9es ; b) la personne concern\u00e9e retire le consentement sur lequel est fond\u00e9 le traitement et il n'existe pas d'autre fondement juridique au traitement ; c) la personne concern\u00e9e s'oppose au traitement effectu\u00e9 car n\u00e9cessaire \u00e0 l'ex\u00e9cution d'une mission d'int\u00e9r\u00eat public ou relevant de l'exercice de l'autorit\u00e9 publique dont est investi le responsable ou aux fins des int\u00e9r\u00eats l\u00e9gitimes et il n'existe pas de motif l\u00e9gitime imp\u00e9rieux pour le traitement, ou s'oppose au traitement \u00e0 des fins de prospection ; d) les donn\u00e9es personnelles ont fait l'objet d'un traitement illicite ; e) les donn\u00e9es personnelles doivent \u00eatre effac\u00e9es pour respecter une obligation l\u00e9gale pr\u00e9vue par le droit de l'Union ou par le droit de l'\u00c9tat membre auquel le responsable du traitement est soumis ; f) les donn\u00e9es personnelles ont \u00e9t\u00e9 collect\u00e9es dans le cadre de l'offre de services de la soci\u00e9t\u00e9 de l'information aux mineurs. La demande d'effacement ne peut cependant pas \u00eatre accept\u00e9e si le traitement est n\u00e9cessaire : a) \u00e0 l'exercice du droit \u00e0 la libert\u00e9 d'expression et d'information ; b) pour respecter une obligation l\u00e9gale qui requiert le traitement pr\u00e9vu par le droit de l'Union ou par le droit de l'\u00c9tat membre auquel le responsable du traitement est soumis, ou pour ex\u00e9cuter une mission d'int\u00e9r\u00eat public ou relevant de l'exercice de l'autorit\u00e9 publique dont est investi le responsable du traitement ; c) pour des motifs d'int\u00e9r\u00eat public dans le domaine de la sant\u00e9 publique ; d) \u00e0 des fins archivistiques dans l'int\u00e9r\u00eat public, \u00e0 des fins de recherche scientifique ou historique ou \u00e0 des fins statistiques dans la mesure o\u00f9 le droit \u00e0 l'effacement est susceptible de rendre impossible ou de compromettre gravement la r\u00e9alisation des objectifs dudit traitement ; ou e) \u00e0 la constatation, \u00e0 l'exercice ou \u00e0 la d\u00e9fense de droits en justice. <\/li> <li>Le <b>droit \u00e0 la limitation<\/b>, c'est-\u00e0-dire le droit d'obtenir que les donn\u00e9es ne soient trait\u00e9es, \u00e0 l'exception de leur conservation, qu'avec le consentement de la personne concern\u00e9e ou pour la constatation, l'exercice ou la d\u00e9fense de droits en justice, ou pour la protection des droits d'une autre personne physique ou morale, ou encore pour des motifs importants d'int\u00e9r\u00eat public de l'Union ou d'un \u00c9tat membre lorsque : a) l'exactitude des donn\u00e9es personnelles est contest\u00e9e par la personne concern\u00e9e, pendant une dur\u00e9e permettant au responsable du traitement de v\u00e9rifier l'exactitude de ces donn\u00e9es personnelles ; b) le traitement est illicite et la personne concern\u00e9e s'oppose \u00e0 leur effacement et exige \u00e0 la place la limitation de leur utilisation ; c) bien que le responsable du traitement n'en ait plus besoin aux fins du traitement, les donn\u00e9es personnelles sont encore n\u00e9cessaires \u00e0 la personne concern\u00e9e pour la constatation, l'exercice ou la d\u00e9fense de droits en justice ; d) la personne concern\u00e9e s'est oppos\u00e9e au traitement effectu\u00e9 car n\u00e9cessaire \u00e0 l'ex\u00e9cution d'une mission d'int\u00e9r\u00eat public ou relevant de l'exercice de l'autorit\u00e9 publique dont est investi le responsable ou aux fins des int\u00e9r\u00eats l\u00e9gitimes du responsable du traitement ou de tiers, pendant la v\u00e9rification portant sur le point de savoir si les motifs l\u00e9gitimes poursuivis par le responsable du traitement pr\u00e9valent sur ceux de la personne concern\u00e9e. <\/li> <li>Le <b>droit \u00e0 la portabilit\u00e9<\/b>, c'est-\u00e0-dire le droit de recevoir les donn\u00e9es personnelles la concernant fournies \u00e0 un responsable du traitement, dans un format structur\u00e9, couramment utilis\u00e9 et lisible par machine, et le droit de transmettre ces donn\u00e9es \u00e0 un autre responsable du traitement sans que le responsable du traitement auquel les donn\u00e9es personnelles ont \u00e9t\u00e9 communiqu\u00e9es y fasse obstacle, ainsi que le droit d'obtenir que les donn\u00e9es personnelles soient transmises directement d'un responsable du traitement \u00e0 un autre, lorsque cela est techniquement possible, lorsque le traitement est fond\u00e9 sur le consentement ou sur un contrat et qu'il est effectu\u00e9 \u00e0 l'aide de proc\u00e9d\u00e9s automatis\u00e9s. Ce droit ne porte pas atteinte au droit \u00e0 l'effacement. <\/li> <li>Le <b>droit d'opposition<\/b>, c'est-\u00e0-dire le droit de la personne concern\u00e9e de s'opposer \u00e0 tout moment, pour des raisons tenant \u00e0 sa situation particuli\u00e8re, au traitement des donn\u00e9es personnelles la concernant effectu\u00e9 car n\u00e9cessaire \u00e0 l'ex\u00e9cution d'une mission d'int\u00e9r\u00eat public ou relevant de l'exercice de l'autorit\u00e9 publique dont est investi le responsable ou aux fins des int\u00e9r\u00eats l\u00e9gitimes du responsable du traitement ou de tiers. Lorsque les donn\u00e9es personnelles sont trait\u00e9es \u00e0 des fins de prospection, la personne concern\u00e9e a le droit de s'opposer \u00e0 tout moment au traitement des donn\u00e9es personnelles la concernant \u00e0 de telles fins de prospection, y compris au profilage dans la mesure o\u00f9 il est li\u00e9 \u00e0 une telle prospection. <\/li> <\/ul> <p>La personne concern\u00e9e est en outre inform\u00e9e que, si elle estime que le traitement de ses donn\u00e9es personnelles constitue une violation du RGPD, elle a le <b>droit d'introduire une r\u00e9clamation<\/b> aupr\u00e8s de la CNIL, comme pr\u00e9vu par l'art. 77 du R\u00e8glement m\u00eame ou de former un recours juridictionnel (art. 79 du R\u00e8glement). <\/p>","_links":{"self":[{"href":"https:\/\/www.rosiglioni.it\/fr\/wp-json\/wp\/v2\/pages\/1347","targetHints":{"allow":["GET"]}}],"collection":[{"href":"https:\/\/www.rosiglioni.it\/fr\/wp-json\/wp\/v2\/pages"}],"about":[{"href":"https:\/\/www.rosiglioni.it\/fr\/wp-json\/wp\/v2\/types\/page"}],"author":[{"embeddable":true,"href":"https:\/\/www.rosiglioni.it\/fr\/wp-json\/wp\/v2\/users\/1"}],"replies":[{"embeddable":true,"href":"https:\/\/www.rosiglioni.it\/fr\/wp-json\/wp\/v2\/comments?post=1347"}],"version-history":[{"count":4,"href":"https:\/\/www.rosiglioni.it\/fr\/wp-json\/wp\/v2\/pages\/1347\/revisions"}],"predecessor-version":[{"id":1355,"href":"https:\/\/www.rosiglioni.it\/fr\/wp-json\/wp\/v2\/pages\/1347\/revisions\/1355"}],"wp:attachment":[{"href":"https:\/\/www.rosiglioni.it\/fr\/wp-json\/wp\/v2\/media?parent=1347"}],"curies":[{"name":"wp","href":"https:\/\/api.w.org\/{rel}","templated":true}]}}